{"version":"1.0","provider_name":"Leadership Campus de l&#039;Arm\u00e9e suisse","provider_url":"https:\/\/leadershipcampus.ch\/fr","author_name":"sedrinaschaller","author_url":"https:\/\/leadershipcampus.ch\/fr\/author\/sedrinaschaller\/","title":"Formation au leadership &#8211; Leadership Campus de l&#039;Arm\u00e9e suisse","type":"rich","width":600,"height":338,"html":"<blockquote class=\"wp-embedded-content\" data-secret=\"3bupnuWikp\"><a href=\"https:\/\/leadershipcampus.ch\/fr\/formation-au-leadership\/\">Formation au leadership<\/a><\/blockquote><iframe sandbox=\"allow-scripts\" security=\"restricted\" src=\"https:\/\/leadershipcampus.ch\/fr\/formation-au-leadership\/embed\/#?secret=3bupnuWikp\" width=\"600\" height=\"338\" title=\"\u00ab\u00a0Formation au leadership\u00a0\u00bb &#8212; Leadership Campus de l&#039;Arm\u00e9e suisse\" data-secret=\"3bupnuWikp\" frameborder=\"0\" marginwidth=\"0\" marginheight=\"0\" scrolling=\"no\" class=\"wp-embedded-content\"><\/iframe><script>\n\/*! This file is auto-generated *\/\n!function(d,l){\"use strict\";l.querySelector&&d.addEventListener&&\"undefined\"!=typeof URL&&(d.wp=d.wp||{},d.wp.receiveEmbedMessage||(d.wp.receiveEmbedMessage=function(e){var t=e.data;if((t||t.secret||t.message||t.value)&&!\/[^a-zA-Z0-9]\/.test(t.secret)){for(var s,r,n,a=l.querySelectorAll('iframe[data-secret=\"'+t.secret+'\"]'),o=l.querySelectorAll('blockquote[data-secret=\"'+t.secret+'\"]'),c=new RegExp(\"^https?:$\",\"i\"),i=0;i<o.length;i++)o[i].style.display=\"none\";for(i=0;i<a.length;i++)s=a[i],e.source===s.contentWindow&&(s.removeAttribute(\"style\"),\"height\"===t.message?(1e3<(r=parseInt(t.value,10))?r=1e3:~~r<200&&(r=200),s.height=r):\"link\"===t.message&&(r=new URL(s.getAttribute(\"src\")),n=new URL(t.value),c.test(n.protocol))&&n.host===r.host&&l.activeElement===s&&(d.top.location.href=t.value))}},d.addEventListener(\"message\",d.wp.receiveEmbedMessage,!1),l.addEventListener(\"DOMContentLoaded\",function(){for(var e,t,s=l.querySelectorAll(\"iframe.wp-embedded-content\"),r=0;r<s.length;r++)(t=(e=s[r]).getAttribute(\"data-secret\"))||(t=Math.random().toString(36).substring(2,12),e.src+=\"#?secret=\"+t,e.setAttribute(\"data-secret\",t)),e.contentWindow.postMessage({message:\"ready\",secret:t},\"*\")},!1)))}(window,document);\n\/\/# sourceURL=https:\/\/leadershipcampus.ch\/fr\/wp-includes\/js\/wp-embed.min.js\n<\/script>\n","thumbnail_url":"https:\/\/leadershipcampus.ch\/fr\/wp-content\/uploads\/sites\/3\/Featured-Leadership-Ausbildung.webp","thumbnail_width":1980,"thumbnail_height":1485,"description":"Stages S\u00e9minaire de strat\u00e9gie militaire du chef de l\u2019Arm\u00e9e\u00a02023 Le chef de l\u2019Arm\u00e9e dirige personnellement le s\u00e9minaire de strat\u00e9gie militaire. Le but est de pr\u00e9senter aux participantes et participants un tableau r\u00e9aliste des menaces objectives et subjectives actuelles, ainsi que des risques qui en d\u00e9coulent pour la s\u00e9curit\u00e9 de l\u2019\u00e9conomie et de la soci\u00e9t\u00e9 civile. [&hellip;]"}